{"id":461,"date":"2012-07-17T18:38:21","date_gmt":"2012-07-17T18:38:21","guid":{"rendered":"https:\/\/www.controlyaccesos.com\/?page_id=461"},"modified":"2020-12-09T17:24:36","modified_gmt":"2020-12-09T16:24:36","slug":"desarrollo","status":"publish","type":"page","link":"https:\/\/www.controlyaccesos.com\/ca\/desarrollo\/","title":{"rendered":"Desenvolupament"},"content":{"rendered":"<div class=\"custom-frame-wrapper alignleft frame-shadow\"><div class=\"custom-frame-inner-wrapper\"><div class=\"custom-frame-padding\"><a href=\"http:\/\/www.controlyaccesos.com\/wp-content\/uploads\/2012\/08\/Puerta-PVC-Pag-desarrollo2.jpg\" rel=\"wp-prettyPhoto[461]\"><img loading=\"lazy\" decoding=\"async\" class=\"alignnone wp-image-293\" title=\"Puerta PVC\" src=\"http:\/\/www.controlyaccesos.com\/wp-content\/uploads\/2012\/08\/Puerta-PVC-Pag-desarrollo2.jpg\" alt=\"\" width=\"410\" height=\"220\" \/><\/a><\/div><\/div><\/div>\n<h3><span style=\"color: #ff6600;\">Portes Enrotllables Autom\u00e0tiques<\/span><\/h3>\n<p><span style=\"color: #ff0000;\">R\u00e0pides o Ultra-R\u00e0pides<\/span><\/p>\n<p>Una forma neta de dividir espais i obtenir un alt grau d&#8217;a\u00efllament t\u00e8rmic i ac\u00fastic.<\/p>\n<p style=\"text-align: right;\"><a href=\"https:\/\/www.controlyaccesos.com\/puertas-enrollables-automaticas\/\"><span style=\"color: #ff6600;\">m\u00e1s &#8230;<\/span><\/a><\/p>\n<p>&nbsp;<\/p>\n<p>&nbsp;<\/p>\n<p>&nbsp;<\/p>\n<div class=\"custom-frame-wrapper alignleft frame-shadow\"><div class=\"custom-frame-inner-wrapper\"><div class=\"custom-frame-padding\"><a href=\"http:\/\/www.controlyaccesos.com\/wp-content\/uploads\/2012\/07\/Control_26.jpg\" rel=\"wp-prettyPhoto[461]\"><img loading=\"lazy\" decoding=\"async\" class=\"alignnone wp-image-295\" title=\"Control_26\" src=\"http:\/\/www.controlyaccesos.com\/wp-content\/uploads\/2012\/07\/Control_26-300x168.jpg\" alt=\"\" width=\"410\" height=\"220\" \/><\/a><\/div><\/div><\/div>\n<h3><span style=\"color: #ff6600;\">Portes de Vidre<\/span><\/h3>\n<p><span style=\"color: #ff0000;\">Control intel\u00b7ligent<\/span><\/p>\n<p>Incorpora un sistema d&#8217;autoprogramaci\u00f3 del recorregut de la porta.<\/p>\n<p style=\"text-align: right;\"><span style=\"color: #ff6600;\"><a href=\"https:\/\/www.controlyaccesos.com\/puertas-de-cristal\/\"><span style=\"color: #ff6600;\">m\u00e9s &#8230;<\/span><\/a><\/span><\/p>\n<p>&nbsp;<\/p>\n<p>&nbsp;<\/p>\n<p>&nbsp;<\/p>\n<p>&nbsp;<\/p>\n<div class=\"custom-frame-wrapper alignleft frame-shadow\"><div class=\"custom-frame-inner-wrapper\"><div class=\"custom-frame-padding\"><a href=\"http:\/\/www.controlyaccesos.com\/wp-content\/uploads\/2012\/07\/Automatismo-electrico-pag-desarrollo.jpg\" rel=\"wp-prettyPhoto[461]\"><img loading=\"lazy\" decoding=\"async\" class=\"alignnone wp-image-294\" title=\"Automatismo electrico\" src=\"http:\/\/www.controlyaccesos.com\/wp-content\/uploads\/2012\/07\/Automatismo-electrico-pag-desarrollo.jpg\" alt=\"\" width=\"410\" height=\"220\" \/><\/a><\/div><\/div><\/div>\n<h3><span style=\"color: #ff6600;\">Automatisme El\u00e8ctric<\/span><\/h3>\n<p><span style=\"color: #ff0000;\">Per portes de c\u00e0meres frigor\u00edfiques<\/span><\/p>\n<p>Automatisme mitjan\u00e7ant motor el\u00e8ctric i transmissi\u00f3 d&#8217;energia per cadena, adaptable a qualsevol model de porta frigor\u00edfica.<\/p>\n<p style=\"text-align: right;\"><a href=\"http:\/\/www.controlyaccesos.com\/ca\/automatisme-electric\">m\u00e9s&#8230;<\/a><\/p>\n<p>&nbsp;<\/p>\n<p>&nbsp;<\/p>\n<p>&nbsp;<\/p>\n<p style=\"text-align: right;\"><a title=\"Manuales\" href=\"https:\/\/www.controlyaccesos.com\/manuales-en-pdf\/\"><img loading=\"lazy\" decoding=\"async\" class=\"alignnone wp-image-263\" title=\"logopdf\" src=\"http:\/\/www.controlyaccesos.com\/wp-content\/uploads\/2012\/08\/logopdf-150x150.jpg\" alt=\"\" width=\"30\" height=\"30\" \/> Descarregar Manuals en PDF<\/a><\/p>\n","protected":false},"excerpt":{"rendered":"<p>Portes Enrotllables Autom\u00e0tiques R\u00e0pides o Ultra-R\u00e0pides Una forma neta de dividir espais i obtenir un alt grau d&#8217;a\u00efllament t\u00e8rmic i ac\u00fastic. m\u00e1s &#8230; &nbsp; &nbsp; &nbsp; Portes de Vidre Control intel\u00b7ligent Incorpora un sistema d&#8217;autoprogramaci\u00f3 del recorregut de la porta. m\u00e9s &#8230; &nbsp; &nbsp; &nbsp; &nbsp; Automatisme<\/p>\n","protected":false},"author":1,"featured_media":0,"parent":0,"menu_order":0,"comment_status":"closed","ping_status":"closed","template":"page-FullWidth.php","meta":{"footnotes":""},"class_list":["post-461","page","type-page","status-publish","hentry"],"aioseo_notices":[],"_links":{"self":[{"href":"https:\/\/www.controlyaccesos.com\/ca\/wp-json\/wp\/v2\/pages\/461","targetHints":{"allow":["GET"]}}],"collection":[{"href":"https:\/\/www.controlyaccesos.com\/ca\/wp-json\/wp\/v2\/pages"}],"about":[{"href":"https:\/\/www.controlyaccesos.com\/ca\/wp-json\/wp\/v2\/types\/page"}],"author":[{"embeddable":true,"href":"https:\/\/www.controlyaccesos.com\/ca\/wp-json\/wp\/v2\/users\/1"}],"replies":[{"embeddable":true,"href":"https:\/\/www.controlyaccesos.com\/ca\/wp-json\/wp\/v2\/comments?post=461"}],"version-history":[{"count":10,"href":"https:\/\/www.controlyaccesos.com\/ca\/wp-json\/wp\/v2\/pages\/461\/revisions"}],"predecessor-version":[{"id":1108,"href":"https:\/\/www.controlyaccesos.com\/ca\/wp-json\/wp\/v2\/pages\/461\/revisions\/1108"}],"wp:attachment":[{"href":"https:\/\/www.controlyaccesos.com\/ca\/wp-json\/wp\/v2\/media?parent=461"}],"curies":[{"name":"wp","href":"https:\/\/api.w.org\/{rel}","templated":true}]}}